{"id":30,"date":"2014-03-20T08:53:15","date_gmt":"2014-03-20T07:53:15","guid":{"rendered":"https:\/\/lgciesitebohr.olympe.in\/wordpress\/?page_id=30"},"modified":"2024-04-23T08:50:49","modified_gmt":"2024-04-23T07:50:49","slug":"lequipe-2","status":"publish","type":"page","link":"https:\/\/lmc2.univ-lyon1.fr\/?page_id=30","title":{"rendered":"L&rsquo;EQUIPE"},"content":{"rendered":"<div class=\"personnel-container\">\n<section class=personnel>\n<p style=\"text-align: center;\"><a title=\"FERRIER EMMANUEL\" href=\"http:\/\/lmc2.univ-lyon1.fr\/?page_id=210\"><img loading=\"lazy\" decoding=\"async\" class=\"alignnone wp-image-142 size-full\" src=\"http:\/\/lmc2.univ-lyon1.fr\/wp-content\/uploads\/2014\/03\/image291.jpg\" alt=\"image291\" width=\"80\" height=\"96\" \/><\/a><\/p>\n<p style=\"text-align: center;\">Emmanuel Ferrier,\u00a0Professeur des Universit\u00e9s, responsable du LMC\u00b2<\/p>\n<\/section>\n<section class=personnel>\n<p style=\"text-align: center;\"><a title=\"CURTIL LAURENCE\" href=\"http:\/\/lmc2.univ-lyon1.fr\/?page_id=253\"><img loading=\"lazy\" decoding=\"async\" class=\"alignnone size-full wp-image-143\" src=\"http:\/\/lmc2.univ-lyon1.fr\/wp-content\/uploads\/2014\/03\/image417.jpg\" alt=\"image417\" width=\"84\" height=\"97\" \/><\/a><\/p>\n<p style=\"text-align: center;\">Laurence Curtil, Professeur des Universit\u00e9s<\/p>\n<\/section>\n<section class=personnel>\n<p style=\"text-align: center;\"><a title=\"JURKIEWIEZ BRUNO\" href=\"http:\/\/lmc2.univ-lyon1.fr\/?page_id=249\"><img loading=\"lazy\" decoding=\"async\" class=\"alignnone size-full wp-image-149\" src=\"http:\/\/lmc2.univ-lyon1.fr\/wp-content\/uploads\/2014\/03\/image816.jpg\" alt=\"image816\" width=\"107\" height=\"133\" \/><\/a><\/p>\n<p style=\"text-align: center;\">Bruno Jurkiewiez, Ma\u00eetre de Conf\u00e9rence HDR<\/p>\n<\/section>\n<section class=personnel>\n<p style=\"text-align: center;\"><a title=\"GABOR ARON\" href=\"http:\/\/lmc2.univ-lyon1.fr\/?page_id=375\"><img loading=\"lazy\" decoding=\"async\" class=\"aligncenter wp-image-851 size-thumbnail\" src=\"http:\/\/lmc2.univ-lyon1.fr\/wp-content\/uploads\/2014\/03\/Aron2-150x150.jpg\" alt=\"\" width=\"150\" height=\"150\" \/><\/a><\/p>\n<p style=\"text-align: center;\">Aron Gabor, Ma\u00eetre de Conf\u00e9rence HDR<\/p>\n<\/section>\n<section class=personnel>\n<p style=\"text-align: center;\"><a title=\"MICHEL LAURENT\" href=\"http:\/\/lmc2.univ-lyon1.fr\/?page_id=215\"><img loading=\"lazy\" decoding=\"async\" class=\"aligncenter wp-image-964 size-thumbnail\" src=\"http:\/\/lmc2.univ-lyon1.fr\/wp-content\/uploads\/2014\/03\/Laurent-150x150.jpg\" alt=\"\" width=\"150\" height=\"150\" \/><\/a>Laurent Michel, Ma\u00eetre de Conf\u00e9rence<\/p>\n<\/section>\n<section class=personnel>\n<p style=\"text-align: center;\"><a title=\"REBOUL NADEGE\" href=\"http:\/\/lmc2.univ-lyon1.fr\/?page_id=219\"><img loading=\"lazy\" decoding=\"async\" class=\"alignnone size-full wp-image-151\" src=\"http:\/\/lmc2.univ-lyon1.fr\/wp-content\/uploads\/2014\/03\/image405.jpg\" alt=\"image405\" width=\"83\" height=\"97\" \/><\/a><\/p>\n<p style=\"text-align: center;\">Nad\u00e8ge Reboul, Ma\u00eetre de Conf\u00e9rence<\/p>\n<\/section>\n<section class=personnel>\n<p style=\"text-align: center;\"><a title=\"VU HONG\" href=\"http:\/\/lmc2.univ-lyon1.fr\/?page_id=377\"><img loading=\"lazy\" decoding=\"async\" class=\"aligncenter wp-image-723 size-thumbnail\" src=\"http:\/\/lmc2.univ-lyon1.fr\/wp-content\/uploads\/2014\/08\/Hong1-150x150.jpg\" alt=\"\" width=\"150\" height=\"150\" \/><\/a>Xuang Hong Vu, Ma\u00eetre de Conf\u00e9rence<\/p>\n<\/section>\n<section class=personnel>\n<p style=\"text-align: center;\"><a title=\"MICHEL MARIE\" href=\"http:\/\/lmc2.univ-lyon1.fr\/?page_id=857\"><img loading=\"lazy\" decoding=\"async\" class=\"aligncenter wp-image-1022 size-thumbnail\" src=\"http:\/\/lmc2.univ-lyon1.fr\/wp-content\/uploads\/2014\/09\/Marie-150x150.jpg\" alt=\"\" width=\"150\" height=\"150\" \/><\/a>Marie Michel, Ma\u00eetre de Conf\u00e9rence<\/p>\n<\/section>\n<section class=personnel>\n<p style=\"text-align: center;\"><a title=\"BEL SYLVAIN\" href=\"http:\/\/lmc2.univ-lyon1.fr\/?page_id=370\"><img loading=\"lazy\" decoding=\"async\" class=\"aligncenter size-thumbnail wp-image-934\" src=\"http:\/\/lmc2.univ-lyon1.fr\/wp-content\/uploads\/2014\/03\/Homme-150x150.jpg\" alt=\"Homme\" width=\"150\" height=\"150\" srcset=\"https:\/\/lmc2.univ-lyon1.fr\/wp-content\/uploads\/2014\/03\/Homme-150x150.jpg 150w, https:\/\/lmc2.univ-lyon1.fr\/wp-content\/uploads\/2014\/03\/Homme.jpg 202w\" sizes=\"auto, (max-width: 150px) 100vw, 150px\" \/><\/a> Sylvain Bel, Ma\u00eetre de Conf\u00e9rence<\/p>\n<\/section>\n<section class=personnel>\n<p style=\"text-align: center;\"><a title=\"CAGGEGI CARMELO\" href=\"http:\/\/lmc2.univ-lyon1.fr\/?page_id=381\"><img loading=\"lazy\" decoding=\"async\" class=\"aligncenter size-thumbnail wp-image-707\" src=\"http:\/\/lmc2.univ-lyon1.fr\/wp-content\/uploads\/2014\/08\/Carmelo-150x150.jpg\" alt=\"OLYMPUS DIGITAL CAMERA\" width=\"150\" height=\"150\" \/><\/a>Carmelo Caggegi, Ma\u00eetre de Conf\u00e9rence<\/p>\n<\/section>\n<section class=personnel>\n<p style=\"text-align: center;\"><a title=\"LANOYE EMMA\" href=\"http:\/\/lmc2.univ-lyon1.fr\/?page_id=383\"><img loading=\"lazy\" decoding=\"async\" class=\"aligncenter size-thumbnail wp-image-933\" src=\"http:\/\/lmc2.univ-lyon1.fr\/wp-content\/uploads\/2014\/03\/Femme-150x150.jpg\" alt=\"Femme\" width=\"150\" height=\"150\" srcset=\"https:\/\/lmc2.univ-lyon1.fr\/wp-content\/uploads\/2014\/03\/Femme-150x150.jpg 150w, https:\/\/lmc2.univ-lyon1.fr\/wp-content\/uploads\/2014\/03\/Femme.jpg 202w\" sizes=\"auto, (max-width: 150px) 100vw, 150px\" \/><\/a>Emma Lanoye, Ma\u00eetre de Conf\u00e9rence<\/p>\n<\/section>\n<section class=personnel>\n<p style=\"text-align: center;\"><a href=\"http:\/\/lmc2.univ-lyon1.fr\/?page_id=1929\"><img loading=\"lazy\" decoding=\"async\" class=\"aligncenter wp-image-1931 size-thumbnail\" src=\"http:\/\/lmc2.univ-lyon1.fr\/wp-content\/uploads\/2016\/09\/Grazide-150x150.jpg\" alt=\"grazide\" width=\"150\" height=\"150\" \/><\/a>C\u00e9cile Grazide, Ma\u00eetre de Conf\u00e9rence<\/p>\n<\/section>\n<section class=personnel>\n<p style=\"text-align: center;\"><a href=\"http:\/\/lmc2.univ-lyon1.fr\/?page_id=489\"><img loading=\"lazy\" decoding=\"async\" class=\"aligncenter wp-image-933 size-thumbnail\" src=\"http:\/\/lmc2.univ-lyon1.fr\/wp-content\/uploads\/2014\/03\/Femme-150x150.jpg\" alt=\"\" width=\"150\" height=\"150\" srcset=\"https:\/\/lmc2.univ-lyon1.fr\/wp-content\/uploads\/2014\/03\/Femme-150x150.jpg 150w, https:\/\/lmc2.univ-lyon1.fr\/wp-content\/uploads\/2014\/03\/Femme.jpg 202w\" sizes=\"auto, (max-width: 150px) 100vw, 150px\" \/><\/a>Naima Cherrati, assistante administrative<\/p>\n<\/section>\n<section class=personnel>\n<p style=\"text-align: center;\"><a title=\"JANIN EMMANUEL\" href=\"http:\/\/lmc2.univ-lyon1.fr\/?page_id=1040\"><img loading=\"lazy\" decoding=\"async\" class=\"aligncenter size-thumbnail wp-image-934\" src=\"http:\/\/lmc2.univ-lyon1.fr\/wp-content\/uploads\/2014\/03\/Homme-150x150.jpg\" alt=\"Homme\" width=\"150\" height=\"150\" srcset=\"https:\/\/lmc2.univ-lyon1.fr\/wp-content\/uploads\/2014\/03\/Homme-150x150.jpg 150w, https:\/\/lmc2.univ-lyon1.fr\/wp-content\/uploads\/2014\/03\/Homme.jpg 202w\" sizes=\"auto, (max-width: 150px) 100vw, 150px\" \/><\/a>Emmanuel Janin<\/p>\n<\/section>\n<section class=personnel>\n<p style=\"text-align: center;\"><a title=\"COTTET NORBERT\" href=\"http:\/\/lmc2.univ-lyon1.fr\/?page_id=1473\"><img loading=\"lazy\" decoding=\"async\" class=\"aligncenter size-thumbnail wp-image-934\" src=\"http:\/\/lmc2.univ-lyon1.fr\/wp-content\/uploads\/2014\/03\/Homme-150x150.jpg\" alt=\"Homme\" width=\"150\" height=\"150\" srcset=\"https:\/\/lmc2.univ-lyon1.fr\/wp-content\/uploads\/2014\/03\/Homme-150x150.jpg 150w, https:\/\/lmc2.univ-lyon1.fr\/wp-content\/uploads\/2014\/03\/Homme.jpg 202w\" sizes=\"auto, (max-width: 150px) 100vw, 150px\" \/><\/a>Norbert Cottet<\/p>\n<\/section>\n<\/div>\n","protected":false},"excerpt":{"rendered":"<p>Emmanuel Ferrier,\u00a0Professeur des Universit\u00e9s, responsable du LMC\u00b2 Laurence Curtil, Professeur des Universit\u00e9s Bruno Jurkiewiez, Ma\u00eetre [&hellip;]<\/p>\n","protected":false},"author":1,"featured_media":0,"parent":0,"menu_order":1,"comment_status":"closed","ping_status":"open","template":"","meta":{"footnotes":""},"class_list":["post-30","page","type-page","status-publish","hentry"],"_links":{"self":[{"href":"https:\/\/lmc2.univ-lyon1.fr\/index.php?rest_route=\/wp\/v2\/pages\/30","targetHints":{"allow":["GET"]}}],"collection":[{"href":"https:\/\/lmc2.univ-lyon1.fr\/index.php?rest_route=\/wp\/v2\/pages"}],"about":[{"href":"https:\/\/lmc2.univ-lyon1.fr\/index.php?rest_route=\/wp\/v2\/types\/page"}],"author":[{"embeddable":true,"href":"https:\/\/lmc2.univ-lyon1.fr\/index.php?rest_route=\/wp\/v2\/users\/1"}],"replies":[{"embeddable":true,"href":"https:\/\/lmc2.univ-lyon1.fr\/index.php?rest_route=%2Fwp%2Fv2%2Fcomments&post=30"}],"version-history":[{"count":31,"href":"https:\/\/lmc2.univ-lyon1.fr\/index.php?rest_route=\/wp\/v2\/pages\/30\/revisions"}],"predecessor-version":[{"id":2698,"href":"https:\/\/lmc2.univ-lyon1.fr\/index.php?rest_route=\/wp\/v2\/pages\/30\/revisions\/2698"}],"wp:attachment":[{"href":"https:\/\/lmc2.univ-lyon1.fr\/index.php?rest_route=%2Fwp%2Fv2%2Fmedia&parent=30"}],"curies":[{"name":"wp","href":"https:\/\/api.w.org\/{rel}","templated":true}]}}